{"id":6717,"date":"2024-04-15T12:47:31","date_gmt":"2024-04-15T10:47:31","guid":{"rendered":"https:\/\/www.omag-pack.com\/?page_id=6717"},"modified":"2024-04-15T12:48:04","modified_gmt":"2024-04-15T10:48:04","slug":"privacy-whistleblowing","status":"publish","type":"page","link":"https:\/\/www.omag-pack.com\/it\/whistleblowing-privacy\/","title":{"rendered":"Privacy Whistleblowing"},"content":{"rendered":"<p><strong>Informativa ai sensi degli artt. 13 e 14 del Regolamento UE n. 2016\/679<\/strong><\/p>\n<p>Ai sensi degli artt. 13 e 14 del Regolamento UE n. 2016\/679 (Regolamento generale sulla protezione dei dati personali), si forniscono le seguenti informazioni.<\/p>\n<p><strong>Titolare del trattamento<\/strong><br \/>\nIl Titolare del trattamento \u00e8 OMAG S.p.A., con sede in G. Santi, 42\/A, 61012 Gradara (PU)- Italia<\/p>\n<p><strong>Finalit\u00e0 e base giuridica\u00a0<\/strong><br \/>\nGestione della ricezione, trattazione e analisi delle segnalazioni di violazioni presentate da:<\/p>\n<ul>\n<li>lavoratori subordinati<\/li>\n<li>lavoratori autonomi che svolgono la propria opera presso OMAG S.p.A. e loro dipendenti\/collaboratori<\/li>\n<li>collaboratori, liberi professionisti e consulenti che prestano la propria attivit\u00e0 presso OMAG S.p.A.<\/li>\n<li>Volontari e tirocinanti, anche non retribuiti<\/li>\n<li>Azionisti e persone con funzione di amministrazione, direzione, vigilanza e controllo<\/li>\n<li>candidati all\u2019assunzione<\/li>\n<li>lavoratori con i quali il rapporto di lavoro \u00e8 cessato.<\/li>\n<\/ul>\n<p>Il trattamento, ai sensi del Regolamento UE 2016\/679, \u00e8 finalizzato ad adempiere ad un obbligo legale al quale \u00e8 soggetto il titolare (art. 6 \u2013 par. 1 lett. c) e all\u2019esecuzione di un compito di interesse pubblico (art. 6 par. 1 lett. e) in applicazione del D.Lgs. n. 24\/2023.<\/p>\n<p><strong>Tipologie dei dati trattati\u00a0<\/strong><br \/>\nIl procedimento \u00e8 correlato alle segnalazioni di violazioni di cui siano venuti a conoscenza nel contesto lavorativo, ai sensi del D.Lgs. n. 24\/2023, i soggetti di cui al punto precedente. Detto procedimento prevede la raccolta dei dati personali del segnalante (quali nome e cognome) comunicati in forma scritta o orale tramite piattaforma informatica, nonch\u00e9 dei dati personali presenti nella segnalazione, inclusa la documentazione ad essa allegata. Nell\u2019ambito delle segnalazioni vengono trattati dati anche relativi al soggetto segnalato o ad altri soggetti coinvolti dalla segnalazione e possono riguardare dati comuni ed anche particolari e relativi a reati ed irregolarit\u00e0.<\/p>\n<p><strong>Modalit\u00e0 di trattamento\u00a0<\/strong><br \/>\nIl trattamento pu\u00f2 essere svolto in modalit\u00e0 cartacea o informatica nel rispetto dei diritti e delle libert\u00e0 fondamentali ed \u00e8 improntato ai principi di correttezza, liceit\u00e0, trasparenza e di tutela della riservatezza.<\/p>\n<p><strong>Natura del trattamento<\/strong><br \/>\nIl conferimento dei dati personali \u00e8 necessario e il loro mancato rilascio preclude la possibilit\u00e0 di dar corso all\u2019 effettivo riconoscimento delle tutele previste dalla normativa in materia e segnatamente dal D.Lgs. n. 24\/23.<br \/>\nTra le finalit\u00e0 della normativa in materia vi \u00e8 infatti quella di offrire tutela, ed assicurare la riservatezza dell\u2019identit\u00e0 del segnalante, e degli altri soggetti di cui all\u2019art. 3, comma 5 dello stesso D.Lgs., che faccia emergere condotte e fatti illeciti.<br \/>\nTale protezione opera, quindi, solo nei confronti di soggetti individuabili, riconoscibili e riconducibili alla categoria indicata dal D.Lgs. n. 24\/23.<\/p>\n<p><strong>Categorie di destinatari dei dati<\/strong><br \/>\nI trattamenti sono effettuati a cura dei Gestori delle segnalazioni, i quali sono stati debitamente autorizzati ed istruiti al trattamento dei Dati nel rispetto dei principi di correttezza, liceit\u00e0, trasparenza e di tutela della riservatezza.<\/p>\n<p>&nbsp;<\/p>\n<p>Sono destinatari dei dati raccolti, a seguito delle segnalazioni, se del caso l\u2019Autorit\u00e0 giudiziaria, la Corte dei Conti e l\u2019ANAC.<\/p>\n<p>I dati non sono oggetto di diffusione.<\/p>\n<p><strong>Conservazione dei dati<\/strong><br \/>\nI dati saranno conservati per il conseguimento delle finalit\u00e0 per le quali sono stati raccolti e per il periodo necessario alla gestione della segnalazione e in ogni caso saranno detenuti per cinque anni, decorrenti dalla data della comunicazione dell\u2019esito finale della procedura di segnalazione.<\/p>\n<p><strong>Trasferimento dati verso paese terzi\u00a0<\/strong><br \/>\nI dati trattati per le predette finalit\u00e0 non sono trasferiti a paesi terzi all\u2019esterno dell\u2019Unione Europea o dello Spazio Economico Europeo (SEE) o ad organizzazioni internazionali.<\/p>\n<p><strong>Diritti degli interessati\u00a0<\/strong><br \/>\nGli interessati possono esercitare i diritti previsti dall\u2019art. 15 e seguenti del Regolamento UE 2016\/679 ed in particolare il diritto di accedere ai propri dati personali, di chiederne la rettifica o la limitazione, l\u2019aggiornamento se incompleti o erronei e la cancellazione se sussistono i presupposti nonch\u00e9 di opporsi all\u2019elaborazione rivolgendo la richiesta tramite lettera raccomandata a:<\/p>\n<p>&#8211;\u00a0 OMAG S.p.A. via G. Santi, 42\/A, 61012 Gradara (PU)- Italia\u2013 c.a. Diva Paternoster e\/o Daniele Paradisi (avendo cura di indicare sulla busta la dicitura \u201criservata-Whistleblowing\u201d)<\/p>\n<p><strong>Diritto di reclamo<\/strong><br \/>\nSi informa infine che gli interessati, qualora ritengano che il trattamento dei dati personali a loro riferiti avvenga in violazione di quanto previsto dal Regolamento UE 2016\/679 (art. 77) hanno il diritto di proporre reclamo al Garante, (<a href=\"https:\/\/www.garanteprivacy.it\/\">garanteprivacy.it<\/a>) o di adire le opportune sedi giudiziarie (art. 79 del Regolamento).<\/p>\n<p>Ai sensi dell\u2019art. 2-undecies nel d.lgs. 30 giugno 2003, n. 196, il soggetto segnalato presunto autore dell\u2019illecito, con riferimento ai propri dati personali trattati dall\u2019Azienda, non pu\u00f2 invece esercitare i diritti previsti dagli articoli da 15 a 22 del Regolamento (UE) n. 2016\/679.<\/p>\n","protected":false},"excerpt":{"rendered":"<p>Informativa ai sensi degli artt. 13 e 14 del Regolamento UE n. 2016\/679 Ai sensi degli artt. 13 e 14 del Regolamento UE n. 2016\/679 (Regolamento generale sulla protezione dei dati personali), si forniscono le seguenti informazioni. Titolare del trattamento Il Titolare del trattamento \u00e8 OMAG S.p.A., con sede in G. Santi, 42\/A, 61012 Gradara [&hellip;]<\/p>\n","protected":false},"author":3,"featured_media":0,"parent":0,"menu_order":40,"comment_status":"closed","ping_status":"closed","template":"","meta":{"_acf_changed":false,"footnotes":""},"class_list":["post-6717","page","type-page","status-publish","hentry"],"acf":[],"yoast_head":"<!-- This site is optimized with the Yoast SEO plugin v27.3 - https:\/\/yoast.com\/product\/yoast-seo-wordpress\/ -->\n<title>Privacy Whistleblowing | Omag<\/title>\n<meta name=\"description\" content=\"Find out all the information about Privacy Whistleblowing Informativa ai sensi degli artt. 13 e 14 del Regolamento UE n. 2016\/679 Ai sensi degli artt. 13 e 14 del Regolamento UE n. 2016\/679 (Regolamento generale\" \/>\n<meta name=\"robots\" content=\"index, follow, max-snippet:-1, max-image-preview:large, max-video-preview:-1\" \/>\n<link rel=\"canonical\" href=\"https:\/\/www.omag-pack.com\/it\/whistleblowing-privacy\/\" \/>\n<meta property=\"og:locale\" content=\"it_IT\" \/>\n<meta property=\"og:type\" content=\"article\" \/>\n<meta property=\"og:title\" content=\"Privacy Whistleblowing | Omag\" \/>\n<meta property=\"og:description\" content=\"Find out all the information about Privacy Whistleblowing Informativa ai sensi degli artt. 13 e 14 del Regolamento UE n. 2016\/679 Ai sensi degli artt. 13 e 14 del Regolamento UE n. 2016\/679 (Regolamento generale\" \/>\n<meta property=\"og:url\" content=\"https:\/\/www.omag-pack.com\/it\/whistleblowing-privacy\/\" \/>\n<meta property=\"og:site_name\" content=\"Omag\" \/>\n<meta property=\"article:publisher\" content=\"https:\/\/www.facebook.com\/Omag.Spa.packaging\" \/>\n<meta property=\"article:modified_time\" content=\"2024-04-15T10:48:04+00:00\" \/>\n<meta name=\"twitter:card\" content=\"summary_large_image\" \/>\n<meta name=\"twitter:label1\" content=\"Tempo di lettura stimato\" \/>\n\t<meta name=\"twitter:data1\" content=\"4 minuti\" \/>\n<script type=\"application\/ld+json\" class=\"yoast-schema-graph\">{\"@context\":\"https:\\\/\\\/schema.org\",\"@graph\":[{\"@type\":\"WebPage\",\"@id\":\"https:\\\/\\\/www.omag-pack.com\\\/it\\\/whistleblowing-privacy\\\/\",\"url\":\"https:\\\/\\\/www.omag-pack.com\\\/it\\\/whistleblowing-privacy\\\/\",\"name\":\"Privacy Whistleblowing | Omag\",\"isPartOf\":{\"@id\":\"https:\\\/\\\/www.omag-pack.com\\\/it\\\/#website\"},\"datePublished\":\"2024-04-15T10:47:31+00:00\",\"dateModified\":\"2024-04-15T10:48:04+00:00\",\"description\":\"Find out all the information about Privacy Whistleblowing Informativa ai sensi degli artt. 13 e 14 del Regolamento UE n. 2016\\\/679 Ai sensi degli artt. 13 e 14 del Regolamento UE n. 2016\\\/679 (Regolamento generale\",\"breadcrumb\":{\"@id\":\"https:\\\/\\\/www.omag-pack.com\\\/it\\\/whistleblowing-privacy\\\/#breadcrumb\"},\"inLanguage\":\"it-IT\",\"potentialAction\":[{\"@type\":\"ReadAction\",\"target\":[\"https:\\\/\\\/www.omag-pack.com\\\/it\\\/whistleblowing-privacy\\\/\"]}]},{\"@type\":\"BreadcrumbList\",\"@id\":\"https:\\\/\\\/www.omag-pack.com\\\/it\\\/whistleblowing-privacy\\\/#breadcrumb\",\"itemListElement\":[{\"@type\":\"ListItem\",\"position\":1,\"name\":\"Home\",\"item\":\"https:\\\/\\\/www.omag-pack.com\\\/it\\\/\"},{\"@type\":\"ListItem\",\"position\":2,\"name\":\"Privacy Whistleblowing\"}]},{\"@type\":\"WebSite\",\"@id\":\"https:\\\/\\\/www.omag-pack.com\\\/it\\\/#website\",\"url\":\"https:\\\/\\\/www.omag-pack.com\\\/it\\\/\",\"name\":\"Omag\",\"description\":\"\",\"publisher\":{\"@id\":\"https:\\\/\\\/www.omag-pack.com\\\/it\\\/#organization\"},\"potentialAction\":[{\"@type\":\"SearchAction\",\"target\":{\"@type\":\"EntryPoint\",\"urlTemplate\":\"https:\\\/\\\/www.omag-pack.com\\\/it\\\/?s={search_term_string}\"},\"query-input\":{\"@type\":\"PropertyValueSpecification\",\"valueRequired\":true,\"valueName\":\"search_term_string\"}}],\"inLanguage\":\"it-IT\"},{\"@type\":\"Organization\",\"@id\":\"https:\\\/\\\/www.omag-pack.com\\\/it\\\/#organization\",\"name\":\"Omag S.p.A.\",\"url\":\"https:\\\/\\\/www.omag-pack.com\\\/it\\\/\",\"logo\":{\"@type\":\"ImageObject\",\"inLanguage\":\"it-IT\",\"@id\":\"https:\\\/\\\/www.omag-pack.com\\\/it\\\/#\\\/schema\\\/logo\\\/image\\\/\",\"url\":\"https:\\\/\\\/www.omag-pack.com\\\/wp-content\\\/uploads\\\/2022\\\/09\\\/logomag_trasp.png\",\"contentUrl\":\"https:\\\/\\\/www.omag-pack.com\\\/wp-content\\\/uploads\\\/2022\\\/09\\\/logomag_trasp.png\",\"width\":269,\"height\":128,\"caption\":\"Omag S.p.A.\"},\"image\":{\"@id\":\"https:\\\/\\\/www.omag-pack.com\\\/it\\\/#\\\/schema\\\/logo\\\/image\\\/\"},\"sameAs\":[\"https:\\\/\\\/www.facebook.com\\\/Omag.Spa.packaging\",\"https:\\\/\\\/it.linkedin.com\\\/company\\\/omag-spa-packaging\"]}]}<\/script>\n<!-- \/ Yoast SEO plugin. -->","yoast_head_json":{"title":"Privacy Whistleblowing | Omag","description":"Find out all the information about Privacy Whistleblowing Informativa ai sensi degli artt. 13 e 14 del Regolamento UE n. 2016\/679 Ai sensi degli artt. 13 e 14 del Regolamento UE n. 2016\/679 (Regolamento generale","robots":{"index":"index","follow":"follow","max-snippet":"max-snippet:-1","max-image-preview":"max-image-preview:large","max-video-preview":"max-video-preview:-1"},"canonical":"https:\/\/www.omag-pack.com\/it\/whistleblowing-privacy\/","og_locale":"it_IT","og_type":"article","og_title":"Privacy Whistleblowing | Omag","og_description":"Find out all the information about Privacy Whistleblowing Informativa ai sensi degli artt. 13 e 14 del Regolamento UE n. 2016\/679 Ai sensi degli artt. 13 e 14 del Regolamento UE n. 2016\/679 (Regolamento generale","og_url":"https:\/\/www.omag-pack.com\/it\/whistleblowing-privacy\/","og_site_name":"Omag","article_publisher":"https:\/\/www.facebook.com\/Omag.Spa.packaging","article_modified_time":"2024-04-15T10:48:04+00:00","twitter_card":"summary_large_image","twitter_misc":{"Tempo di lettura stimato":"4 minuti"},"schema":{"@context":"https:\/\/schema.org","@graph":[{"@type":"WebPage","@id":"https:\/\/www.omag-pack.com\/it\/whistleblowing-privacy\/","url":"https:\/\/www.omag-pack.com\/it\/whistleblowing-privacy\/","name":"Privacy Whistleblowing | Omag","isPartOf":{"@id":"https:\/\/www.omag-pack.com\/it\/#website"},"datePublished":"2024-04-15T10:47:31+00:00","dateModified":"2024-04-15T10:48:04+00:00","description":"Find out all the information about Privacy Whistleblowing Informativa ai sensi degli artt. 13 e 14 del Regolamento UE n. 2016\/679 Ai sensi degli artt. 13 e 14 del Regolamento UE n. 2016\/679 (Regolamento generale","breadcrumb":{"@id":"https:\/\/www.omag-pack.com\/it\/whistleblowing-privacy\/#breadcrumb"},"inLanguage":"it-IT","potentialAction":[{"@type":"ReadAction","target":["https:\/\/www.omag-pack.com\/it\/whistleblowing-privacy\/"]}]},{"@type":"BreadcrumbList","@id":"https:\/\/www.omag-pack.com\/it\/whistleblowing-privacy\/#breadcrumb","itemListElement":[{"@type":"ListItem","position":1,"name":"Home","item":"https:\/\/www.omag-pack.com\/it\/"},{"@type":"ListItem","position":2,"name":"Privacy Whistleblowing"}]},{"@type":"WebSite","@id":"https:\/\/www.omag-pack.com\/it\/#website","url":"https:\/\/www.omag-pack.com\/it\/","name":"Omag","description":"","publisher":{"@id":"https:\/\/www.omag-pack.com\/it\/#organization"},"potentialAction":[{"@type":"SearchAction","target":{"@type":"EntryPoint","urlTemplate":"https:\/\/www.omag-pack.com\/it\/?s={search_term_string}"},"query-input":{"@type":"PropertyValueSpecification","valueRequired":true,"valueName":"search_term_string"}}],"inLanguage":"it-IT"},{"@type":"Organization","@id":"https:\/\/www.omag-pack.com\/it\/#organization","name":"Omag S.p.A.","url":"https:\/\/www.omag-pack.com\/it\/","logo":{"@type":"ImageObject","inLanguage":"it-IT","@id":"https:\/\/www.omag-pack.com\/it\/#\/schema\/logo\/image\/","url":"https:\/\/www.omag-pack.com\/wp-content\/uploads\/2022\/09\/logomag_trasp.png","contentUrl":"https:\/\/www.omag-pack.com\/wp-content\/uploads\/2022\/09\/logomag_trasp.png","width":269,"height":128,"caption":"Omag S.p.A."},"image":{"@id":"https:\/\/www.omag-pack.com\/it\/#\/schema\/logo\/image\/"},"sameAs":["https:\/\/www.facebook.com\/Omag.Spa.packaging","https:\/\/it.linkedin.com\/company\/omag-spa-packaging"]}]}},"_links":{"self":[{"href":"https:\/\/www.omag-pack.com\/it\/wp-json\/wp\/v2\/pages\/6717","targetHints":{"allow":["GET"]}}],"collection":[{"href":"https:\/\/www.omag-pack.com\/it\/wp-json\/wp\/v2\/pages"}],"about":[{"href":"https:\/\/www.omag-pack.com\/it\/wp-json\/wp\/v2\/types\/page"}],"author":[{"embeddable":true,"href":"https:\/\/www.omag-pack.com\/it\/wp-json\/wp\/v2\/users\/3"}],"replies":[{"embeddable":true,"href":"https:\/\/www.omag-pack.com\/it\/wp-json\/wp\/v2\/comments?post=6717"}],"version-history":[{"count":1,"href":"https:\/\/www.omag-pack.com\/it\/wp-json\/wp\/v2\/pages\/6717\/revisions"}],"predecessor-version":[{"id":6721,"href":"https:\/\/www.omag-pack.com\/it\/wp-json\/wp\/v2\/pages\/6717\/revisions\/6721"}],"wp:attachment":[{"href":"https:\/\/www.omag-pack.com\/it\/wp-json\/wp\/v2\/media?parent=6717"}],"curies":[{"name":"wp","href":"https:\/\/api.w.org\/{rel}","templated":true}]}}